{"id":12,"date":"2020-03-31T14:35:00","date_gmt":"2020-03-31T19:35:00","guid":{"rendered":"http:\/\/138.91.165.210\/?page_id=12"},"modified":"2025-01-24T14:41:39","modified_gmt":"2025-01-24T19:41:39","slug":"inicio","status":"publish","type":"page","link":"https:\/\/www.eudistasmd.org\/","title":{"rendered":"Inicio"},"content":{"rendered":"<p>[et_pb_section fb_built=\u00bb1&#8243; fullwidth=\u00bbon\u00bb _builder_version=\u00bb4.16&#8243; _module_preset=\u00bbdefault\u00bb global_colors_info=\u00bb{}\u00bb][et_pb_fullwidth_code _builder_version=\u00bb4.16&#8243; _module_preset=\u00bbdefault\u00bb global_colors_info=\u00bb{}\u00bb][\/et_pb_fullwidth_code][\/et_pb_section][et_pb_section fb_built=\u00bb1&#8243; admin_label=\u00bbEvent Section\u00bb _builder_version=\u00bb4.16&#8243; background_color=\u00bb#ffffff\u00bb min_height=\u00bb547px\u00bb custom_padding=\u00bb||0px|||\u00bb animation_style=\u00bbzoom\u00bb animation_intensity_zoom=\u00bb6%\u00bb animation_starting_opacity=\u00bb100%\u00bb global_colors_info=\u00bb{}\u00bb][et_pb_row column_structure=\u00bb1_4,3_4&#8243; use_custom_gutter=\u00bbon\u00bb gutter_width=\u00bb2&#8243; admin_label=\u00bbEvent Title Area\u00bb _builder_version=\u00bb4.16&#8243; width=\u00bb100%\u00bb max_width=\u00bb1280px\u00bb min_height=\u00bb568px\u00bb custom_margin=\u00bb-17px|auto|88px|auto|false|false\u00bb custom_padding=\u00bb15px|0px|0px||false|false\u00bb use_custom_width=\u00bbon\u00bb custom_width_px=\u00bb1280px\u00bb locked=\u00bboff\u00bb global_colors_info=\u00bb{}\u00bb][et_pb_column type=\u00bb1_4&#8243; _builder_version=\u00bb4.16&#8243; custom_padding=\u00bb|||\u00bb global_colors_info=\u00bb{}\u00bb custom_padding__hover=\u00bb|||\u00bb][et_pb_blurb image=\u00bbhttps:\/\/www.eudistasmd.org\/wp-content\/uploads\/2024\/04\/FIVICON_Mesa-de-trabajo-1-2-300&#215;300-1.png\u00bb image_icon_width=\u00bb60%\u00bb content_max_width=\u00bb401px\u00bb admin_label=\u00bbAnuncio\u00bb _builder_version=\u00bb4.24.3&#8243; header_font=\u00bb|700|||||||\u00bb header_text_color=\u00bb#e02b20&#8243; background_color=\u00bb#ffffff\u00bb text_orientation=\u00bbcenter\u00bb background_layout=\u00bbdark\u00bb width=\u00bb100%\u00bb custom_margin=\u00bb|-35px|1px||false|false\u00bb custom_padding=\u00bb33px|1px|0px|1px|false|true\u00bb box_shadow_style=\u00bbpreset1&#8243; global_colors_info=\u00bb{}\u00bb][\/et_pb_blurb][et_pb_text _builder_version=\u00bb4.16&#8243; _module_preset=\u00bbdefault\u00bb text_font=\u00bb|700|||||||\u00bb text_text_color=\u00bb#FFFFFF\u00bb header_font=\u00bb|700|||||||\u00bb background_color=\u00bb#E02B20&#8243; text_orientation=\u00bbcenter\u00bb custom_margin=\u00bb||18px|||\u00bb custom_padding=\u00bb20px|20px|20px|20px|true|true\u00bb link_option_url=\u00bbhttps:\/\/www.zonapagos.com\/t_Congregaciondejesusymaria\u00bb link_option_url_new_window=\u00bbon\u00bb box_shadow_style=\u00bbpreset1&#8243; global_colors_info=\u00bb{}\u00bb]<\/p>\n<p>HAZ TU DONACI\u00d3N AQU\u00cd<\/p>\n<p>[\/et_pb_text][et_pb_text _builder_version=\u00bb4.16&#8243; _module_preset=\u00bbdefault\u00bb text_font=\u00bb|700|||||||\u00bb text_text_color=\u00bb#FFFFFF\u00bb header_font=\u00bb|700|||||||\u00bb background_color=\u00bb#000000&#8243; text_orientation=\u00bbcenter\u00bb custom_margin=\u00bb||28px|||\u00bb custom_padding=\u00bb20px|20px|20px|20px|true|true\u00bb link_option_url=\u00bbhttps:\/\/www.zonapagos.com\/t_Congregaciondejesusymaria\u00bb link_option_url_new_window=\u00bbon\u00bb box_shadow_style=\u00bbpreset1&#8243; global_colors_info=\u00bb{}\u00bb]<\/p>\n<p>HAZ TUS APORTES AQU\u00cd<\/p>\n<p>[\/et_pb_text][et_pb_button button_url=\u00bbhttps:\/\/www.youtube.com\/watch?v=w7fjIT8WJ6M&#038;list=PLszuY8FMaiHOR9rdkFMRcbJ_XAIYPGzyK\u00bb url_new_window=\u00bbon\u00bb button_text=\u00bbConversando con un Eudista\u00bb button_alignment=\u00bbcenter\u00bb _builder_version=\u00bb4.16&#8243; _module_preset=\u00bbdefault\u00bb custom_button=\u00bbon\u00bb button_text_size=\u00bb16px\u00bb button_text_color=\u00bb#FFFFFF\u00bb button_bg_color=\u00bb#E02B20&#8243; button_font=\u00bb|700|||||||\u00bb button_icon=\u00bb&#xe0ba;||divi||400&#8243; button_icon_color=\u00bb#FFFFFF\u00bb button_icon_placement=\u00bbleft\u00bb button_on_hover=\u00bboff\u00bb custom_margin=\u00bb||||false|false\u00bb custom_padding=\u00bb18px|30px|18px|30px|true|true\u00bb button_icon_tablet=\u00bb\ue0ba||divi||400&#8243; button_icon_phone=\u00bb\ue0ba||divi||400&#8243; button_icon_last_edited=\u00bbon|desktop\u00bb global_colors_info=\u00bb{}\u00bb][\/et_pb_button][et_pb_accordion _builder_version=\u00bb4.25.2&#8243; custom_margin=\u00bb22px|||||\u00bb global_colors_info=\u00bb{}\u00bb][et_pb_accordion_item open=\u00bbon\u00bb _builder_version=\u00bb4.16&#8243; custom_css_main_element=\u00bbdisplay: none;\u00bb global_colors_info=\u00bb{}\u00bb][\/et_pb_accordion_item][et_pb_accordion_item title=\u00bbSer Eudista\u00bb _builder_version=\u00bb4.25.2&#8243; body_font_size=\u00bb11px\u00bb background_color=\u00bb#ffffff\u00bb background_enable_color=\u00bbon\u00bb hover_transition_duration=\u00bb50ms\u00bb hover_transition_speed_curve=\u00bbease-in-out\u00bb global_colors_info=\u00bb{}\u00bb toggle_text_color=\u00bb#e02b20&#8243; toggle_font=\u00bb|700|||||||\u00bb open=\u00bboff\u00bb]<\/p>\n<p style=\"text-align: justify;\"><span>\u00a1No tengas miedo! \u00a1Ven y vive esta experiencia de encuentro con Cristo! Te motivamos a venir y dedicar tu vida al servicio de nuestro Maestro.\u00a0<\/span><\/p>\n<p>Pastoral Vocacional El Minuto de Dios<\/p>\n<hr \/>\n<p>E-mail: pastoralvocacionalmd@gmail.com<br \/>Tel\u00e9fono: <span>310 4916913<\/span><br \/>Delegado: <span>D. Jes\u00fas David Medina, cjm<\/span><\/p>\n<p>[\/et_pb_accordion_item][et_pb_accordion_item title=\u00bbContacto\u00bb _builder_version=\u00bb4.16&#8243; body_font_size=\u00bb12px\u00bb background_color=\u00bb#ffffff\u00bb background_enable_color=\u00bbon\u00bb hover_transition_duration=\u00bb50ms\u00bb hover_transition_speed_curve=\u00bbease-in-out\u00bb global_colors_info=\u00bb{}\u00bb toggle_text_color=\u00bb#e02b20&#8243; toggle_font=\u00bb|700|||||||\u00bb open=\u00bboff\u00bb]<\/p>\n<ul>\n<li class=\"\u00bbyes-icon\u00bb\">Direcci\u00f3n: Direcci\u00f3n: Transversal 74A No. 81F-41<br \/> Bogot\u00e1 D.C, Colombia<\/li>\n<\/ul>\n<ul>\n<li class=\"\u00bbyes-icon\u00bb\">Tel\u00e9fono: (+57 1) 5286966<\/li>\n<\/ul>\n<ul>\n<li class=\"\u00bbyes-icon\u00bb\">E-mail: secprovinciamd@gmail.com<\/li>\n<\/ul>\n<p>[\/et_pb_accordion_item][\/et_pb_accordion][\/et_pb_column][et_pb_column type=\u00bb3_4&#8243; _builder_version=\u00bb4.16&#8243; custom_padding=\u00bb|||\u00bb global_colors_info=\u00bb{}\u00bb custom_padding__hover=\u00bb|||\u00bb][et_pb_video _builder_version=\u00bb4.16&#8243; custom_margin=\u00bb||1px|||\u00bb custom_padding=\u00bb0px|||||\u00bb global_colors_info=\u00bb{}\u00bb][\/et_pb_video][et_pb_video src=\u00bbhttps:\/\/youtu.be\/BRNERM2ng3I\u00bb _builder_version=\u00bb4.27.0&#8243; _module_preset=\u00bbdefault\u00bb global_colors_info=\u00bb{}\u00bb][\/et_pb_video][et_pb_code _builder_version=\u00bb4.25.1&#8243; _module_preset=\u00bbdefault\u00bb global_colors_info=\u00bb{}\u00bb][\/et_pb_code][et_pb_button button_url=\u00bbhttps:\/\/www.youtube.com\/channel\/UCDXJ5w3veVN6BJUBiOhRlzQ\u00bb url_new_window=\u00bbon\u00bb button_text=\u00bbVisita nuestro canal en YouTube\u00bb _builder_version=\u00bb4.16&#8243; _module_preset=\u00bbdefault\u00bb custom_button=\u00bbon\u00bb button_text_color=\u00bb#FFFFFF\u00bb button_bg_color=\u00bb#E02B20&#8243; button_font=\u00bb|600|||||||\u00bb button_icon=\u00bb&#xe0ba;||divi||400&#8243; button_icon_placement=\u00bbleft\u00bb button_on_hover=\u00bboff\u00bb global_colors_info=\u00bb{}\u00bb][\/et_pb_button][\/et_pb_column][\/et_pb_row][\/et_pb_section][et_pb_section fb_built=\u00bb1&#8243; _builder_version=\u00bb4.27.4&#8243; _module_preset=\u00bbdefault\u00bb background_image=\u00bbhttps:\/\/www.eudistasmd.org\/wp-content\/uploads\/2025\/01\/jubilar-eudista-1.jpg\u00bb parallax=\u00bbon\u00bb custom_padding=\u00bb129px||238px|||\u00bb global_colors_info=\u00bb{}\u00bb][et_pb_row _builder_version=\u00bb4.24.2&#8243; _module_preset=\u00bbdefault\u00bb global_colors_info=\u00bb{}\u00bb][et_pb_column type=\u00bb4_4&#8243; _builder_version=\u00bb4.24.2&#8243; _module_preset=\u00bbdefault\u00bb global_colors_info=\u00bb{}\u00bb][et_pb_heading title=\u00bbA\u00f1o Jubiliar Eudista \u00bb _builder_version=\u00bb4.27.4&#8243; _module_preset=\u00bbdefault\u00bb title_text_align=\u00bbcenter\u00bb title_text_color=\u00bb#FFFFFF\u00bb custom_margin=\u00bb||1px|||\u00bb global_colors_info=\u00bb{}\u00bb][\/et_pb_heading][et_pb_heading title=\u00bbUn tiempo especial para la Iglesia y para la Congregaci\u00f3n\u00bb _builder_version=\u00bb4.27.4&#8243; _module_preset=\u00bbdefault\u00bb title_text_align=\u00bbcenter\u00bb title_text_color=\u00bb#FFFFFF\u00bb title_font_size=\u00bb22px\u00bb hover_enabled=\u00bb0&#8243; global_colors_info=\u00bb{}\u00bb sticky_enabled=\u00bb0&#8243;][\/et_pb_heading][\/et_pb_column][\/et_pb_row][et_pb_row _builder_version=\u00bb4.24.2&#8243; _module_preset=\u00bbdefault\u00bb global_colors_info=\u00bb{}\u00bb][et_pb_column type=\u00bb4_4&#8243; _builder_version=\u00bb4.24.2&#8243; _module_preset=\u00bbdefault\u00bb global_colors_info=\u00bb{}\u00bb][et_pb_button button_url=\u00bbhttps:\/\/www.eudistasmd.org\/index.php\/ano-jubiliar-eudista\/\u00bb button_text=\u00bbEnt\u00e9rate aqu\u00ed\u00bb button_alignment=\u00bbcenter\u00bb _builder_version=\u00bb4.27.4&#8243; _module_preset=\u00bbdefault\u00bb custom_button=\u00bbon\u00bb button_text_color=\u00bb#FFFFFF\u00bb button_bg_color=\u00bb#0C71C3&#8243; button_border_width=\u00bb0px\u00bb global_colors_info=\u00bb{}\u00bb][\/et_pb_button][\/et_pb_column][\/et_pb_row][\/et_pb_section][et_pb_section fb_built=\u00bb1&#8243; _builder_version=\u00bb4.16&#8243; _module_preset=\u00bbdefault\u00bb min_height=\u00bb769.9px\u00bb custom_margin=\u00bb-68px|||||\u00bb custom_padding=\u00bb4px||0px|||\u00bb box_shadow_style=\u00bbpreset1&#8243; global_colors_info=\u00bb{}\u00bb][et_pb_row _builder_version=\u00bb4.16&#8243; _module_preset=\u00bbdefault\u00bb global_colors_info=\u00bb{}\u00bb][et_pb_column type=\u00bb4_4&#8243; _builder_version=\u00bb4.16&#8243; _module_preset=\u00bbdefault\u00bb global_colors_info=\u00bb{}\u00bb][et_pb_text _builder_version=\u00bb4.16&#8243; _module_preset=\u00bbdefault\u00bb text_font=\u00bb|600|on||||||\u00bb text_text_color=\u00bb#0C71C3&#8243; text_font_size=\u00bb24px\u00bb global_colors_info=\u00bb{}\u00bb]<\/p>\n<p>Actualidad Eudista<\/p>\n<p>[\/et_pb_text][\/et_pb_column][\/et_pb_row][et_pb_row _builder_version=\u00bb4.16&#8243; _module_preset=\u00bbdefault\u00bb custom_padding=\u00bb||0px|||\u00bb global_colors_info=\u00bb{}\u00bb][et_pb_column type=\u00bb4_4&#8243; _builder_version=\u00bb4.16&#8243; _module_preset=\u00bbdefault\u00bb global_colors_info=\u00bb{}\u00bb][et_pb_blog fullwidth=\u00bboff\u00bb posts_number=\u00bb3&#8243; include_categories=\u00bb13,10&#8243; excerpt_length=\u00bb100&#8243; show_more=\u00bbon\u00bb show_author=\u00bboff\u00bb show_pagination=\u00bboff\u00bb _builder_version=\u00bb4.16&#8243; _module_preset=\u00bbdefault\u00bb header_text_align=\u00bbleft\u00bb header_text_color=\u00bb#0C71C3&#8243; body_text_align=\u00bbleft\u00bb text_orientation=\u00bbleft\u00bb border_radii=\u00bbon|9px|9px|9px|9px\u00bb box_shadow_style=\u00bbpreset1&#8243; global_colors_info=\u00bb{}\u00bb][\/et_pb_blog][\/et_pb_column][\/et_pb_row][et_pb_row _builder_version=\u00bb4.16&#8243; _module_preset=\u00bbdefault\u00bb custom_padding=\u00bb23px|||||\u00bb global_colors_info=\u00bb{}\u00bb][et_pb_column type=\u00bb4_4&#8243; _builder_version=\u00bb4.16&#8243; _module_preset=\u00bbdefault\u00bb global_colors_info=\u00bb{}\u00bb][et_pb_button button_url=\u00bbhttps:\/\/www.eudistasmd.org\/index.php\/actualidad-eudista\/\u00bb button_text=\u00bbVisitar Actualidad Eudista\u00bb button_alignment=\u00bbcenter\u00bb _builder_version=\u00bb4.16&#8243; _module_preset=\u00bbdefault\u00bb custom_button=\u00bbon\u00bb button_text_color=\u00bb#FFFFFF\u00bb button_bg_color=\u00bb#0C71C3&#8243; button_border_width=\u00bb-1px\u00bb button_border_radius=\u00bb10px\u00bb button_icon=\u00bb&#x39;||divi||400&#8243; button_text_size_tablet=\u00bb\u00bb button_text_size_phone=\u00bb15px\u00bb button_text_size_last_edited=\u00bbon|phone\u00bb global_colors_info=\u00bb{}\u00bb][\/et_pb_button][\/et_pb_column][\/et_pb_row][\/et_pb_section][et_pb_section fb_built=\u00bb1&#8243; _builder_version=\u00bb4.19.1&#8243; _module_preset=\u00bbdefault\u00bb background_color=\u00bb#0e1639&#8243; background_enable_image=\u00bboff\u00bb parallax=\u00bbon\u00bb custom_padding=\u00bb0px||0px||false|false\u00bb locked=\u00bboff\u00bb global_colors_info=\u00bb{}\u00bb][et_pb_row column_structure=\u00bb1_2,1_2&#8243; _builder_version=\u00bb4.19.1&#8243; _module_preset=\u00bbdefault\u00bb global_colors_info=\u00bb{}\u00bb][et_pb_column type=\u00bb1_2&#8243; _builder_version=\u00bb4.19.1&#8243; _module_preset=\u00bbdefault\u00bb global_colors_info=\u00bb{}\u00bb][et_pb_image src=\u00bbhttps:\/\/www.eudistasmd.org\/wp-content\/uploads\/2022\/11\/logo.png\u00bb alt=\u00bbCausa de beatificaci\u00f3n Padre Rafael Garc\u00eda herreros\u00bb title_text=\u00bblogoCausa de beatificaci\u00f3n Padre Rafael Garc\u00eda herreros\u00bb _builder_version=\u00bb4.19.2&#8243; _module_preset=\u00bbdefault\u00bb min_height=\u00bb184.3px\u00bb custom_margin=\u00bb116px|||||\u00bb global_colors_info=\u00bb{}\u00bb][\/et_pb_image][et_pb_button button_url=\u00bbhttps:\/\/padrerafaelgarciaherreros.com\/\u00bb url_new_window=\u00bbon\u00bb button_text=\u00bbConoce m\u00e1s\u00bb button_alignment=\u00bbcenter\u00bb _builder_version=\u00bb4.19.1&#8243; _module_preset=\u00bbdefault\u00bb background_layout=\u00bbdark\u00bb global_colors_info=\u00bb{}\u00bb][\/et_pb_button][\/et_pb_column][et_pb_column type=\u00bb1_2&#8243; _builder_version=\u00bb4.19.1&#8243; _module_preset=\u00bbdefault\u00bb global_colors_info=\u00bb{}\u00bb][et_pb_image src=\u00bbhttps:\/\/www.eudistasmd.org\/wp-content\/uploads\/2022\/12\/padre-rafael-1-1.png\u00bb alt=\u00bbPadre Rafael Garc\u00eda Herreros Unda\u00bb title_text=\u00bbPadre Rafael Garc\u00eda Herreros Unda\u00bb _builder_version=\u00bb4.19.2&#8243; _module_preset=\u00bbdefault\u00bb global_colors_info=\u00bb{}\u00bb][\/et_pb_image][\/et_pb_column][\/et_pb_row][\/et_pb_section][et_pb_section fb_built=\u00bb1&#8243; _builder_version=\u00bb4.16&#8243; _module_preset=\u00bbdefault\u00bb background_color=\u00bbrgba(143,143,143,0.06)\u00bb custom_padding=\u00bb32px|||||\u00bb global_colors_info=\u00bb{}\u00bb][et_pb_row _builder_version=\u00bb4.16&#8243; _module_preset=\u00bbdefault\u00bb global_colors_info=\u00bb{}\u00bb][et_pb_column type=\u00bb4_4&#8243; _builder_version=\u00bb4.16&#8243; _module_preset=\u00bbdefault\u00bb global_colors_info=\u00bb{}\u00bb][et_pb_text _builder_version=\u00bb4.16&#8243; _module_preset=\u00bbdefault\u00bb text_font=\u00bb|600|on||||||\u00bb text_text_color=\u00bb#0C71C3&#8243; text_font_size=\u00bb24px\u00bb global_colors_info=\u00bb{}\u00bb]<\/p>\n<p><span>Un Eudista en Misi\u00f3n<\/span><\/p>\n<p>[\/et_pb_text][\/et_pb_column][\/et_pb_row][et_pb_row _builder_version=\u00bb4.16&#8243; _module_preset=\u00bbdefault\u00bb global_colors_info=\u00bb{}\u00bb][et_pb_column type=\u00bb4_4&#8243; _builder_version=\u00bb4.16&#8243; _module_preset=\u00bbdefault\u00bb global_colors_info=\u00bb{}\u00bb][et_pb_blog fullwidth=\u00bboff\u00bb posts_number=\u00bb3&#8243; include_categories=\u00bb12&#8243; excerpt_length=\u00bb100&#8243; show_more=\u00bbon\u00bb show_author=\u00bboff\u00bb show_pagination=\u00bboff\u00bb _builder_version=\u00bb4.16&#8243; _module_preset=\u00bbdefault\u00bb header_text_align=\u00bbleft\u00bb header_text_color=\u00bb#0C71C3&#8243; body_text_align=\u00bbleft\u00bb text_orientation=\u00bbleft\u00bb border_radii=\u00bbon|9px|9px|9px|9px\u00bb box_shadow_style=\u00bbpreset1&#8243; global_colors_info=\u00bb{}\u00bb][\/et_pb_blog][\/et_pb_column][\/et_pb_row][et_pb_row _builder_version=\u00bb4.16&#8243; _module_preset=\u00bbdefault\u00bb custom_padding=\u00bb23px|||||\u00bb global_colors_info=\u00bb{}\u00bb][et_pb_column type=\u00bb4_4&#8243; _builder_version=\u00bb4.16&#8243; _module_preset=\u00bbdefault\u00bb global_colors_info=\u00bb{}\u00bb][et_pb_button button_url=\u00bbhttps:\/\/www.eudistasmd.org\/index.php\/un-eudista-en-mision\/\u00bb button_text=\u00bbVisitar Un Eudista en Misi\u00f3n\u00bb button_alignment=\u00bbcenter\u00bb _builder_version=\u00bb4.16&#8243; _module_preset=\u00bbdefault\u00bb custom_button=\u00bbon\u00bb button_text_color=\u00bb#FFFFFF\u00bb button_bg_color=\u00bb#0C71C3&#8243; button_border_width=\u00bb-1px\u00bb button_border_radius=\u00bb10px\u00bb button_icon=\u00bb&#x39;||divi||400&#8243; button_text_size_tablet=\u00bb\u00bb button_text_size_phone=\u00bb15px\u00bb button_text_size_last_edited=\u00bbon|phone\u00bb global_colors_info=\u00bb{}\u00bb][\/et_pb_button][\/et_pb_column][\/et_pb_row][\/et_pb_section][et_pb_section fb_built=\u00bb1&#8243; admin_label=\u00bbEvent Section\u00bb _builder_version=\u00bb4.16&#8243; parallax=\u00bbon\u00bb min_height=\u00bb648px\u00bb custom_padding=\u00bb15px||45px|||\u00bb animation_style=\u00bbzoom\u00bb animation_intensity_zoom=\u00bb6%\u00bb animation_starting_opacity=\u00bb100%\u00bb locked=\u00bboff\u00bb global_colors_info=\u00bb{}\u00bb][et_pb_row column_structure=\u00bb1_3,1_3,1_3&#8243; use_custom_gutter=\u00bbon\u00bb gutter_width=\u00bb2&#8243; admin_label=\u00bbEvent Title Area\u00bb _builder_version=\u00bb4.16&#8243; max_width=\u00bb1280px\u00bb custom_margin=\u00bb-15px|auto||auto||\u00bb custom_padding=\u00bb121px||0px|||\u00bb use_custom_width=\u00bbon\u00bb custom_width_px=\u00bb1280px\u00bb locked=\u00bboff\u00bb global_colors_info=\u00bb{}\u00bb][et_pb_column type=\u00bb1_3&#8243; _builder_version=\u00bb4.16&#8243; _module_preset=\u00bbdefault\u00bb global_colors_info=\u00bb{}\u00bb][et_pb_text _builder_version=\u00bb4.24.3&#8243; _module_preset=\u00bbdefault\u00bb text_font=\u00bbCharmonman|600|on||||||\u00bb text_text_color=\u00bb#FFFFFF\u00bb text_font_size=\u00bb29px\u00bb text_line_height=\u00bb1.8em\u00bb background_color=\u00bbrgba(214,214,214,0.37)\u00bb background_image=\u00bbhttps:\/\/www.eudistasmd.org\/wp-content\/uploads\/2024\/04\/8866266-1.jpg\u00bb text_orientation=\u00bbcenter\u00bb custom_padding=\u00bb281px|19px|281px|19px|true|true\u00bb link_option_url=\u00bbhttps:\/\/www.eudistasmd.org\/index.php\/pastoral-parroquial\/\u00bb link_option_url_new_window=\u00bbon\u00bb inline_fonts=\u00bbBaloo Paaji\u00bb global_colors_info=\u00bb{}\u00bb]<\/p>\n<p>Pastoral Parroquial<\/p>\n<p>[\/et_pb_text][et_pb_button button_url=\u00bbhttps:\/\/www.eudistasmd.org\/index.php\/pastoral-parroquial\/\u00bb button_text=\u00bbIngresa aqu\u00ed\u00bb button_alignment=\u00bbcenter\u00bb _builder_version=\u00bb4.24.3&#8243; _module_preset=\u00bbdefault\u00bb custom_button=\u00bbon\u00bb button_text_color=\u00bb#000000&#8243; button_icon=\u00bb&#x39;||divi||400&#8243; button_on_hover=\u00bboff\u00bb global_colors_info=\u00bb{}\u00bb][\/et_pb_button][\/et_pb_column][et_pb_column type=\u00bb1_3&#8243; _builder_version=\u00bb4.16&#8243; custom_padding=\u00bb|||\u00bb global_colors_info=\u00bb{}\u00bb custom_padding__hover=\u00bb|||\u00bb][et_pb_text _builder_version=\u00bb4.16&#8243; custom_padding=\u00bb|20px||20px|false|false\u00bb global_colors_info=\u00bb{}\u00bb]<\/p>\n<p>La Parroquia San Juan Eudes del Barrio Minuto de Dios en Bogot\u00e1, es dirigida por la Congregaci\u00f3n de Jes\u00fas y Mar\u00eda-Provincia Minuto de Dios<\/p>\n<p>[\/et_pb_text][et_pb_divider color=\u00bb#d6d6d6&#8243; _builder_version=\u00bb4.16&#8243; global_colors_info=\u00bb{}\u00bb][\/et_pb_divider][et_pb_code _builder_version=\u00bb4.16&#8243; text_orientation=\u00bbcenter\u00bb min_height=\u00bb532px\u00bb custom_margin=\u00bb-5px||60px|||\u00bb custom_padding=\u00bb24px||60px|||\u00bb box_shadow_style=\u00bbpreset1&#8243; global_colors_info=\u00bb{}\u00bb]<iframe loading=\"lazy\" src=\"https:\/\/www.facebook.com\/plugins\/page.php?href=https%3A%2F%2Fwww.facebook.com%2Fparroquiasanjuaneudesmd%2F&#038;tabs=timeline&#038;width=340&#038;height=460&#038;small_header=false&#038;adapt_container_width=true&#038;hide_cover=false&#038;show_facepile=true&#038;appId\" width=\"340\" height=\"460\" style=\"border:none;overflow:hidden\" scrolling=\"no\" frameborder=\"0\" allowTransparency=\"true\" allow=\"encrypted-media\"><\/iframe>[\/et_pb_code][\/et_pb_column][et_pb_column type=\u00bb1_3&#8243; _builder_version=\u00bb4.16&#8243; global_colors_info=\u00bb{}\u00bb][et_pb_text _builder_version=\u00bb4.16&#8243; custom_padding=\u00bb|20px||20px|false|false\u00bb global_colors_info=\u00bb{}\u00bb]<\/p>\n<p>Congregaci\u00f3n de Jes\u00fas y Mar\u00eda (Padres Eudistas) &#8211; Provincia Eudista Minuto de Dios. Sociedad de Vida Apost\u00f3lica.<\/p>\n<p>[\/et_pb_text][et_pb_divider color=\u00bb#d6d6d6&#8243; _builder_version=\u00bb4.16&#8243; custom_margin=\u00bb||15px|||\u00bb global_colors_info=\u00bb{}\u00bb][\/et_pb_divider][et_pb_code _builder_version=\u00bb4.16&#8243; text_orientation=\u00bbcenter\u00bb min_height=\u00bb519px\u00bb custom_margin=\u00bb||39px|||\u00bb custom_padding=\u00bb21px||63px|||\u00bb box_shadow_style=\u00bbpreset1&#8243; global_colors_info=\u00bb{}\u00bb]<iframe loading=\"lazy\" src=\"https:\/\/www.facebook.com\/plugins\/page.php?href=https%3A%2F%2Fwww.facebook.com%2Feudistasminutodedios%2F&#038;tabs=timeline&#038;width=340&#038;height=460&#038;small_header=false&#038;adapt_container_width=true&#038;hide_cover=false&#038;show_facepile=true&#038;appId\" width=\"340\" height=\"460\" style=\"border:none;overflow:hidden\" scrolling=\"no\" frameborder=\"0\" allowTransparency=\"true\" allow=\"encrypted-media\"><\/iframe>[\/et_pb_code][\/et_pb_column][\/et_pb_row][\/et_pb_section][et_pb_section fb_built=\u00bb1&#8243; custom_padding_last_edited=\u00bbon|desktop\u00bb admin_label=\u00bbProduct Feature\u00bb _builder_version=\u00bb4.19.4&#8243; background_color=\u00bb#000000&#8243; background_image=\u00bbhttps:\/\/www.eudistasmd.org\/wp-content\/uploads\/2023\/01\/1.jpg\u00bb custom_margin=\u00bb|||\u00bb custom_padding=\u00bb200px|0px|200px|0px|false|false\u00bb custom_padding_tablet=\u00bb200px|0px|200px|0px|false|false\u00bb custom_padding_phone=\u00bb200px|0px|200px|0px|false|false\u00bb locked=\u00bboff\u00bb global_colors_info=\u00bb{}\u00bb][et_pb_row _builder_version=\u00bb4.16&#8243; background_color=\u00bbrgba(0,0,0,0.55)\u00bb custom_margin=\u00bb0px||||false|false\u00bb custom_padding=\u00bb76px|45px||45px|false|true\u00bb global_colors_info=\u00bb{}\u00bb][et_pb_column type=\u00bb4_4&#8243; _builder_version=\u00bb4.16&#8243; global_colors_info=\u00bb{}\u00bb][et_pb_text _builder_version=\u00bb4.19.4&#8243; text_text_color=\u00bb#ffffff\u00bb header_text_color=\u00bb#ffffff\u00bb header_2_font=\u00bb|700|||||||\u00bb text_orientation=\u00bbcenter\u00bb global_colors_info=\u00bb{}\u00bb]<\/p>\n<h2><span style=\"color: #ffffff;\"><strong>\u00a1Reconstruyamos nuestro Templo Juntos!<\/strong><\/span><\/h2>\n<div><\/div>\n<p>[\/et_pb_text][et_pb_text _builder_version=\u00bb4.19.4&#8243; _module_preset=\u00bbdefault\u00bb text_text_color=\u00bb#FFFFFF\u00bb text_font_size=\u00bb23px\u00bb global_colors_info=\u00bb{}\u00bb]<\/p>\n<p style=\"text-align: center;\">Necesitamos de tu apoyo para llevar a cabo este proyecto que nos beneficiar\u00e1 a todos. Puedes realizar tus aportes en la cuenta de Ahorros:<\/p>\n<p style=\"text-align: center;\"><strong>Banco Popular <\/strong><strong>220-087-06429-1 <\/strong><strong>Nit 800189074-9<\/strong><\/p>\n<p>[\/et_pb_text][et_pb_text _builder_version=\u00bb4.19.4&#8243; _module_preset=\u00bbdefault\u00bb text_font=\u00bb|700|||||||\u00bb text_text_color=\u00bb#ffffff\u00bb text_font_size=\u00bb25px\u00bb header_text_color=\u00bb#ffffff\u00bb header_2_font=\u00bb|700|||||||\u00bb text_orientation=\u00bbcenter\u00bb global_colors_info=\u00bb{}\u00bb]<\/p>\n<p style=\"text-align: center;\">\u00a1Contamos contigo!<\/p>\n<p>[\/et_pb_text][et_pb_button button_url=\u00bbhttps:\/\/www.youtube.com\/watch?v=LQ63D_I_aZc\u00bb url_new_window=\u00bbon\u00bb button_text=\u00bbConoce el nuevo Templo\u00bb button_alignment=\u00bbcenter\u00bb _builder_version=\u00bb4.19.4&#8243; _module_preset=\u00bbdefault\u00bb custom_button=\u00bbon\u00bb button_text_color=\u00bb#FFFFFF\u00bb button_bg_color=\u00bb#0C71C3&#8243; button_border_color=\u00bbRGBA(255,255,255,0)\u00bb button_border_radius=\u00bb4px\u00bb button_letter_spacing=\u00bb0px\u00bb button_icon=\u00bb&#x39;||divi||400&#8243; button_text_size_tablet=\u00bb\u00bb button_text_size_phone=\u00bb15px\u00bb button_text_size_last_edited=\u00bbon|phone\u00bb locked=\u00bboff\u00bb global_colors_info=\u00bb{}\u00bb][\/et_pb_button][\/et_pb_column][\/et_pb_row][\/et_pb_section]<\/p>\n","protected":false},"excerpt":{"rendered":"<p>HAZ TU DONACI\u00d3N AQU\u00cdHAZ TUS APORTES AQU\u00cd\u00a1No tengas miedo! \u00a1Ven y vive esta experiencia de encuentro con Cristo! Te motivamos a venir y dedicar tu vida al servicio de nuestro Maestro.\u00a0 Pastoral Vocacional El Minuto de Dios E-mail: pastoralvocacionalmd@gmail.comTel\u00e9fono: 310 4916913Delegado: D. Jes\u00fas David Medina, cjm Direcci\u00f3n: Direcci\u00f3n: Transversal 74A No. 81F-41 Bogot\u00e1 D.C, [&hellip;]<\/p>\n","protected":false},"author":2,"featured_media":0,"parent":0,"menu_order":0,"comment_status":"closed","ping_status":"closed","template":"","meta":{"_et_pb_use_builder":"on","_et_pb_old_content":"","_et_gb_content_width":"","footnotes":""},"class_list":["post-12","page","type-page","status-publish","hentry"],"yoast_head":"<!-- This site is optimized with the Yoast SEO plugin v27.2 - https:\/\/yoast.com\/product\/yoast-seo-wordpress\/ -->\n<title>Inicio - Eudistas MD<\/title>\n<meta name=\"robots\" content=\"index, follow, max-snippet:-1, max-image-preview:large, max-video-preview:-1\" \/>\n<link rel=\"canonical\" href=\"https:\/\/www.eudistasmd.org\/\" \/>\n<meta property=\"og:locale\" content=\"es_ES\" \/>\n<meta property=\"og:type\" content=\"article\" \/>\n<meta property=\"og:title\" content=\"Inicio - Eudistas MD\" \/>\n<meta property=\"og:description\" content=\"HAZ TU DONACI\u00d3N AQU\u00cdHAZ TUS APORTES AQU\u00cd\u00a1No tengas miedo! \u00a1Ven y vive esta experiencia de encuentro con Cristo! Te motivamos a venir y dedicar tu vida al servicio de nuestro Maestro.\u00a0 Pastoral Vocacional El Minuto de Dios E-mail: pastoralvocacionalmd@gmail.comTel\u00e9fono: 310 4916913Delegado: D. Jes\u00fas David Medina, cjm Direcci\u00f3n: Direcci\u00f3n: Transversal 74A No. 81F-41 Bogot\u00e1 D.C, [&hellip;]\" \/>\n<meta property=\"og:url\" content=\"https:\/\/www.eudistasmd.org\/\" \/>\n<meta property=\"og:site_name\" content=\"Eudistas MD\" \/>\n<meta property=\"article:modified_time\" content=\"2025-01-24T19:41:39+00:00\" \/>\n<meta name=\"twitter:card\" content=\"summary_large_image\" \/>\n<meta name=\"twitter:label1\" content=\"Tiempo de lectura\" \/>\n\t<meta name=\"twitter:data1\" content=\"4 minutos\" \/>\n<script type=\"application\/ld+json\" class=\"yoast-schema-graph\">{\"@context\":\"https:\/\/schema.org\",\"@graph\":[{\"@type\":\"WebPage\",\"@id\":\"https:\/\/www.eudistasmd.org\/\",\"url\":\"https:\/\/www.eudistasmd.org\/\",\"name\":\"Inicio - Eudistas MD\",\"isPartOf\":{\"@id\":\"https:\/\/www.eudistasmd.org\/#website\"},\"datePublished\":\"2020-03-31T19:35:00+00:00\",\"dateModified\":\"2025-01-24T19:41:39+00:00\",\"breadcrumb\":{\"@id\":\"https:\/\/www.eudistasmd.org\/#breadcrumb\"},\"inLanguage\":\"es\",\"potentialAction\":[{\"@type\":\"ReadAction\",\"target\":[\"https:\/\/www.eudistasmd.org\/\"]}]},{\"@type\":\"BreadcrumbList\",\"@id\":\"https:\/\/www.eudistasmd.org\/#breadcrumb\",\"itemListElement\":[{\"@type\":\"ListItem\",\"position\":1,\"name\":\"Portada\",\"item\":\"https:\/\/www.eudistasmd.org\/\"},{\"@type\":\"ListItem\",\"position\":2,\"name\":\"Inicio\"}]},{\"@type\":\"WebSite\",\"@id\":\"https:\/\/www.eudistasmd.org\/#website\",\"url\":\"https:\/\/www.eudistasmd.org\/\",\"name\":\"Eudistas MD\",\"description\":\"Esta Provincia naci\u00f3 de la obra fundada por el padre eudista: Rafael Garc\u00eda Herreros. Este Don del Minuto de Dios ha sido encomendado a los los Eudistas del El Minuto de Dios, quienes se dedican a la Evangelizaci\u00f3n, la Formaci\u00f3n, y al servicio a los m\u00e1s pobres a trav\u00e9s de la Organizaci\u00f3n Minuto de Dios.\",\"potentialAction\":[{\"@type\":\"SearchAction\",\"target\":{\"@type\":\"EntryPoint\",\"urlTemplate\":\"https:\/\/www.eudistasmd.org\/?s={search_term_string}\"},\"query-input\":{\"@type\":\"PropertyValueSpecification\",\"valueRequired\":true,\"valueName\":\"search_term_string\"}}],\"inLanguage\":\"es\"}]}<\/script>\n<!-- \/ Yoast SEO plugin. -->","yoast_head_json":{"title":"Inicio - Eudistas MD","robots":{"index":"index","follow":"follow","max-snippet":"max-snippet:-1","max-image-preview":"max-image-preview:large","max-video-preview":"max-video-preview:-1"},"canonical":"https:\/\/www.eudistasmd.org\/","og_locale":"es_ES","og_type":"article","og_title":"Inicio - Eudistas MD","og_description":"HAZ TU DONACI\u00d3N AQU\u00cdHAZ TUS APORTES AQU\u00cd\u00a1No tengas miedo! \u00a1Ven y vive esta experiencia de encuentro con Cristo! Te motivamos a venir y dedicar tu vida al servicio de nuestro Maestro.\u00a0 Pastoral Vocacional El Minuto de Dios E-mail: pastoralvocacionalmd@gmail.comTel\u00e9fono: 310 4916913Delegado: D. Jes\u00fas David Medina, cjm Direcci\u00f3n: Direcci\u00f3n: Transversal 74A No. 81F-41 Bogot\u00e1 D.C, [&hellip;]","og_url":"https:\/\/www.eudistasmd.org\/","og_site_name":"Eudistas MD","article_modified_time":"2025-01-24T19:41:39+00:00","twitter_card":"summary_large_image","twitter_misc":{"Tiempo de lectura":"4 minutos"},"schema":{"@context":"https:\/\/schema.org","@graph":[{"@type":"WebPage","@id":"https:\/\/www.eudistasmd.org\/","url":"https:\/\/www.eudistasmd.org\/","name":"Inicio - Eudistas MD","isPartOf":{"@id":"https:\/\/www.eudistasmd.org\/#website"},"datePublished":"2020-03-31T19:35:00+00:00","dateModified":"2025-01-24T19:41:39+00:00","breadcrumb":{"@id":"https:\/\/www.eudistasmd.org\/#breadcrumb"},"inLanguage":"es","potentialAction":[{"@type":"ReadAction","target":["https:\/\/www.eudistasmd.org\/"]}]},{"@type":"BreadcrumbList","@id":"https:\/\/www.eudistasmd.org\/#breadcrumb","itemListElement":[{"@type":"ListItem","position":1,"name":"Portada","item":"https:\/\/www.eudistasmd.org\/"},{"@type":"ListItem","position":2,"name":"Inicio"}]},{"@type":"WebSite","@id":"https:\/\/www.eudistasmd.org\/#website","url":"https:\/\/www.eudistasmd.org\/","name":"Eudistas MD","description":"Esta Provincia naci\u00f3 de la obra fundada por el padre eudista: Rafael Garc\u00eda Herreros. Este Don del Minuto de Dios ha sido encomendado a los los Eudistas del El Minuto de Dios, quienes se dedican a la Evangelizaci\u00f3n, la Formaci\u00f3n, y al servicio a los m\u00e1s pobres a trav\u00e9s de la Organizaci\u00f3n Minuto de Dios.","potentialAction":[{"@type":"SearchAction","target":{"@type":"EntryPoint","urlTemplate":"https:\/\/www.eudistasmd.org\/?s={search_term_string}"},"query-input":{"@type":"PropertyValueSpecification","valueRequired":true,"valueName":"search_term_string"}}],"inLanguage":"es"}]}},"_links":{"self":[{"href":"https:\/\/www.eudistasmd.org\/index.php\/wp-json\/wp\/v2\/pages\/12","targetHints":{"allow":["GET"]}}],"collection":[{"href":"https:\/\/www.eudistasmd.org\/index.php\/wp-json\/wp\/v2\/pages"}],"about":[{"href":"https:\/\/www.eudistasmd.org\/index.php\/wp-json\/wp\/v2\/types\/page"}],"author":[{"embeddable":true,"href":"https:\/\/www.eudistasmd.org\/index.php\/wp-json\/wp\/v2\/users\/2"}],"replies":[{"embeddable":true,"href":"https:\/\/www.eudistasmd.org\/index.php\/wp-json\/wp\/v2\/comments?post=12"}],"version-history":[{"count":342,"href":"https:\/\/www.eudistasmd.org\/index.php\/wp-json\/wp\/v2\/pages\/12\/revisions"}],"predecessor-version":[{"id":6968,"href":"https:\/\/www.eudistasmd.org\/index.php\/wp-json\/wp\/v2\/pages\/12\/revisions\/6968"}],"wp:attachment":[{"href":"https:\/\/www.eudistasmd.org\/index.php\/wp-json\/wp\/v2\/media?parent=12"}],"curies":[{"name":"wp","href":"https:\/\/api.w.org\/{rel}","templated":true}]}}